{"id":553,"date":"2018-01-03T20:47:11","date_gmt":"2018-01-03T19:47:11","guid":{"rendered":"http:\/\/xn--montagebau-wnsch-uzb.de\/montagebau\/?page_id=553"},"modified":"2020-03-02T23:52:40","modified_gmt":"2020-03-02T22:52:40","slug":"garagentore","status":"publish","type":"page","link":"https:\/\/xn--montagebau-wnsch-uzb.de\/montagebau\/garagentore\/","title":{"rendered":""},"content":{"rendered":"<div id=\"pl-553\"  class=\"panel-layout\" ><div id=\"pg-553-0\"  class=\"panel-grid panel-has-style\" ><div style=\"padding: 100px 0; \" data-overlay=\"true\" data-overlay-color=\"#000000\" class=\"panel-row-style panel-row-style-for-553-0\" ><div id=\"pgc-553-0-0\"  class=\"panel-grid-cell\" ><div id=\"panel-553-0-0-0\" class=\"so-panel widget widget_sow-headline panel-first-child panel-last-child\" data-index=\"0\" ><div style=\"text-align: left;\" data-title-color=\"#443f3f\" data-headings-color=\"#443f3f\" class=\"panel-widget-style panel-widget-style-for-553-0-0-0\" ><div\n\t\t\t\n\t\t\tclass=\"so-widget-sow-headline so-widget-sow-headline-default-ea0af4cf39ae-553\"\n\t\t\t\n\t\t><div class=\"sow-headline-container \">\n\t\t\t\t\t\t\t<h1 class=\"sow-headline\">\n\t\t\t\t\t\tGaragentore\t\t\t\t\t\t<\/h1>\n\t\t\t\t\t\t\t\t\t\t\t<div class=\"decoration\">\n\t\t\t\t\t\t<div class=\"decoration-inside\"><\/div>\n\t\t\t\t\t<\/div>\n\t\t\t\t\t<\/div>\n<\/div><\/div><\/div><\/div><\/div><\/div><div id=\"pg-553-1\"  class=\"panel-grid panel-has-style\" ><div style=\"padding: 100px 0; \" data-overlay=\"true\" data-overlay-color=\"#000000\" class=\"panel-row-style panel-row-style-for-553-1\" ><div id=\"pgc-553-1-0\"  class=\"panel-grid-cell\" ><div id=\"panel-553-1-0-0\" class=\"so-panel widget widget_sow-editor panel-first-child panel-last-child\" data-index=\"1\" ><div style=\"text-align: center;\" data-title-color=\"#443f3f\" data-headings-color=\"#443f3f\" class=\"panel-widget-style panel-widget-style-for-553-1-0-0\" ><div\n\t\t\t\n\t\t\tclass=\"so-widget-sow-editor so-widget-sow-editor-base\"\n\t\t\t\n\t\t>\n<div class=\"siteorigin-widget-tinymce textwidget\">\n\t<h4 style=\"text-align: center;\">Sie stehen im Mittelpunkt<\/h4>\n<div style=\"text-align: justify;\">\nDie richtige Entscheidung bei der Wahl des Garagentores kann schnell \u00fcberfordern. Ob Sektionaltor, Schwingtor oder Rolltor, gerne beraten wir Sie bei der Auswahl, um die optimale L\u00f6sung f\u00fcr Ihre Einbausituation zu finden. Dabei geht es bei der Auswahl der L\u00f6sung ganz nach Ihren W\u00fcnschen. Wir beraten Sie gerne bei Fragen rund um Design, Sicherheit und Service.<\/p>\n<p>Dabei bieten wir folgende zur Auswahl stehende Modifikationsm\u00f6glichkeiten an. <\/p><\/div>\n<h4 style=\"text-align: center;\">Welcher Typ sind Sie?<\/h4>\n<div style=\"text-align: justify;\">\nDie Wahl des Garagentortyps richtet sich nach der Gr\u00f6\u00dfe des Fahrzeugs und des zur Verf\u00fcgung stehenden Platzes. Hierbei bieten wir die Grundvarianten Sektionaltor, Rolltor, Kipptor, oder Schwingtor an. Diese werden dann ganz nach Ihren W\u00fcnschen und Anforderungen gefertigt und fachgerecht eingebaut.<\/div>\n<h4 style=\"text-align: center;\">Eine Frage des Designs<\/h4>\n<div style=\"text-align: justify;\">\nUm optimal in das Hausbild integriert zu sein k\u00f6nnen Sie bei uns Ihr eigenkonfiguriertes individuelles Garagentor anfordern. Dabei haben Sie die Auswahl zwischen Farben, Strukturen, Glaselementen und zus\u00e4tzlichen Schlupf- und Nebent\u00fcren.<\/p>\n<p>Trendfarbe, Holzdekor, oder doch lieber metallisch. Glatte Oberfl\u00e4che, faserig, oder microprofiliert. Kasetten- oder Sickenoptik. Die Wahl liegt bei Ihnen.<\/p><\/div>\n<h4 style=\"text-align: center;\">Sicherheit geht vor<\/h4>\n<div style=\"text-align: justify;\">\nNeben Langlebigkeit und Robustheit sorgen integrierte Sicherheitskonzepte f\u00fcr einen umfangreichen Schutz ihrer Garage. W\u00e4rme- und Regenschutz-Sturzdichtungen, Torlaufrollenhalter, Mehrfachfedersystem, Fingerklemm- und Korrosionsschutz sind standardm\u00e4\u00dfig integriert. Auf Wunsch k\u00f6nnen die Garagentore zus\u00e4tzlich mit einer Sicherheits-Lichtschranke und einem Verst\u00e4rkungsprofil - zum Schutz vor Durchbiegung bei direkter Sonneinstrahlung - ausger\u00fcstet werden. Zus\u00e4tzlich bieten wir in das Garagentor integrierte Innen- und Au\u00dfenbeleuchtungssysteme, Alarmsender, Feuchtigkeitssensoren sowie Parkpositionsleuchter und weitere Smart Home L\u00f6sungen an. Fragen Sie am Besten bei Ihrem Beratungstermin nach.<\/div>\n<h4 style=\"text-align: center;\">Einbau und Service aus einer Hand<\/h4>\n<div style=\"text-align: justify;\">\nWir begleiten und beraten Sie gerne bei Ihrer Entscheidung ein neues Garagentor einzubauen. Dabei beraten wir Sie bei der richtigen Auswahl, beim Nehmen der Aufma\u00dfe sowie dem Austausch an nur einem Tag! Auf Wunsch \u00fcbernehmen wir bei einer Renovierung gerne auch die fachgerechte Entsorgung der alten Tore und helfen bei der j\u00e4hrlichen Wartung ihres neuen Garagentores, um eine maximale Langlebigkeit zu erreichen.<\/div>\n<\/div>\n<\/div><\/div><\/div><\/div><div id=\"pgc-553-1-1\"  class=\"panel-grid-cell\" ><div id=\"panel-553-1-1-0\" class=\"so-panel widget widget_sow-slider panel-first-child\" data-index=\"2\" ><div style=\"text-align: left;\" data-title-color=\"#443f3f\" data-headings-color=\"#443f3f\" class=\"panel-widget-style panel-widget-style-for-553-1-1-0\" ><div\n\t\t\t\n\t\t\tclass=\"so-widget-sow-slider so-widget-sow-slider-default-6d39609536fd-553\"\n\t\t\t\n\t\t>\t\t\t\t<div class=\"sow-slider-base\" style=\"display: none\" tabindex=\"0\">\n\t\t\t\t\t<ul\n\t\t\t\t\tclass=\"sow-slider-images\"\n\t\t\t\t\tdata-settings=\"{&quot;pagination&quot;:true,&quot;speed&quot;:800,&quot;timeout&quot;:8000,&quot;paused&quot;:false,&quot;pause_on_hover&quot;:false,&quot;swipe&quot;:true,&quot;nav_always_show_desktop&quot;:&quot;&quot;,&quot;nav_always_show_mobile&quot;:&quot;&quot;,&quot;breakpoint&quot;:&quot;780px&quot;,&quot;unmute&quot;:false,&quot;anchor&quot;:null}\"\n\t\t\t\t\t\t\t\t\t\tdata-anchor-id=\"\"\n\t\t\t\t>\t\t<li class=\"sow-slider-image\" style=\"visibility: visible;\" >\n\t\t\t\t\t\t<div class=\"sow-slider-image-container\">\n\t\t\t\t<div class=\"sow-slider-image-wrapper\" style=\"max-width: 1936px\">\n\t\t\t\t\t\t\t\t\t\t<div class=\"sow-slider-image-foreground-wrapper\">\n\t\t\t\t\t\t<img loading=\"lazy\" decoding=\"async\" width=\"1936\" height=\"1535\" src=\"https:\/\/xn--montagebau-wnsch-uzb.de\/montagebau\/wp-content\/uploads\/2018\/03\/GSW-40-L-Sicke.jpg\" class=\"sow-slider-foreground-image\" alt=\"\" style=\"\" srcset=\"https:\/\/xn--montagebau-wnsch-uzb.de\/montagebau\/wp-content\/uploads\/2018\/03\/GSW-40-L-Sicke.jpg 1936w, https:\/\/xn--montagebau-wnsch-uzb.de\/montagebau\/wp-content\/uploads\/2018\/03\/GSW-40-L-Sicke-300x238.jpg 300w, https:\/\/xn--montagebau-wnsch-uzb.de\/montagebau\/wp-content\/uploads\/2018\/03\/GSW-40-L-Sicke-768x609.jpg 768w, https:\/\/xn--montagebau-wnsch-uzb.de\/montagebau\/wp-content\/uploads\/2018\/03\/GSW-40-L-Sicke-1024x812.jpg 1024w, https:\/\/xn--montagebau-wnsch-uzb.de\/montagebau\/wp-content\/uploads\/2018\/03\/GSW-40-L-Sicke-830x658.jpg 830w, https:\/\/xn--montagebau-wnsch-uzb.de\/montagebau\/wp-content\/uploads\/2018\/03\/GSW-40-L-Sicke-230x182.jpg 230w, https:\/\/xn--montagebau-wnsch-uzb.de\/montagebau\/wp-content\/uploads\/2018\/03\/GSW-40-L-Sicke-350x278.jpg 350w, https:\/\/xn--montagebau-wnsch-uzb.de\/montagebau\/wp-content\/uploads\/2018\/03\/GSW-40-L-Sicke-480x381.jpg 480w\" sizes=\"auto, (max-width: 1936px) 100vw, 1936px\" \/>\t\t\t\t\t<\/div>\n\t\t\t\t\t\t\t\t\t<\/div>\n\t\t\t<\/div>\n\t\t\t\t\t<\/li>\n\t\t\t\t<li class=\"sow-slider-image\" style=\"visibility: hidden;\" >\n\t\t\t\t\t\t<div class=\"sow-slider-image-container\">\n\t\t\t\t<div class=\"sow-slider-image-wrapper\" style=\"max-width: 4200px\">\n\t\t\t\t\t\t\t\t\t\t<div class=\"sow-slider-image-foreground-wrapper\">\n\t\t\t\t\t\t<img loading=\"lazy\" decoding=\"async\" width=\"4200\" height=\"2800\" src=\"https:\/\/xn--montagebau-wnsch-uzb.de\/montagebau\/wp-content\/uploads\/2018\/03\/GSW-40-L-Mittelsicke-wei\u00df_a.jpg\" class=\"sow-slider-foreground-image\" alt=\"\" style=\"\" srcset=\"https:\/\/xn--montagebau-wnsch-uzb.de\/montagebau\/wp-content\/uploads\/2018\/03\/GSW-40-L-Mittelsicke-wei\u00df_a.jpg 4200w, https:\/\/xn--montagebau-wnsch-uzb.de\/montagebau\/wp-content\/uploads\/2018\/03\/GSW-40-L-Mittelsicke-wei\u00df_a-300x200.jpg 300w, https:\/\/xn--montagebau-wnsch-uzb.de\/montagebau\/wp-content\/uploads\/2018\/03\/GSW-40-L-Mittelsicke-wei\u00df_a-768x512.jpg 768w, https:\/\/xn--montagebau-wnsch-uzb.de\/montagebau\/wp-content\/uploads\/2018\/03\/GSW-40-L-Mittelsicke-wei\u00df_a-1024x683.jpg 1024w, https:\/\/xn--montagebau-wnsch-uzb.de\/montagebau\/wp-content\/uploads\/2018\/03\/GSW-40-L-Mittelsicke-wei\u00df_a-830x553.jpg 830w, https:\/\/xn--montagebau-wnsch-uzb.de\/montagebau\/wp-content\/uploads\/2018\/03\/GSW-40-L-Mittelsicke-wei\u00df_a-230x153.jpg 230w, https:\/\/xn--montagebau-wnsch-uzb.de\/montagebau\/wp-content\/uploads\/2018\/03\/GSW-40-L-Mittelsicke-wei\u00df_a-350x233.jpg 350w, https:\/\/xn--montagebau-wnsch-uzb.de\/montagebau\/wp-content\/uploads\/2018\/03\/GSW-40-L-Mittelsicke-wei\u00df_a-480x320.jpg 480w, https:\/\/xn--montagebau-wnsch-uzb.de\/montagebau\/wp-content\/uploads\/2018\/03\/GSW-40-L-Mittelsicke-wei\u00df_a-272x182.jpg 272w\" sizes=\"auto, (max-width: 4200px) 100vw, 4200px\" \/>\t\t\t\t\t<\/div>\n\t\t\t\t\t\t\t\t\t<\/div>\n\t\t\t<\/div>\n\t\t\t\t\t<\/li>\n\t\t\t\t<li class=\"sow-slider-image\" style=\"visibility: hidden;\" >\n\t\t\t\t\t\t<div class=\"sow-slider-image-container\">\n\t\t\t\t<div class=\"sow-slider-image-wrapper\" style=\"max-width: 7360px\">\n\t\t\t\t\t\t\t\t\t\t<div class=\"sow-slider-image-foreground-wrapper\">\n\t\t\t\t\t\t<img loading=\"lazy\" decoding=\"async\" width=\"7360\" height=\"4912\" src=\"https:\/\/xn--montagebau-wnsch-uzb.de\/montagebau\/wp-content\/uploads\/2018\/03\/GSW-40-L-Mittelsicke-2.jpg\" class=\"sow-slider-foreground-image\" alt=\"\" style=\"\" srcset=\"https:\/\/xn--montagebau-wnsch-uzb.de\/montagebau\/wp-content\/uploads\/2018\/03\/GSW-40-L-Mittelsicke-2.jpg 7360w, https:\/\/xn--montagebau-wnsch-uzb.de\/montagebau\/wp-content\/uploads\/2018\/03\/GSW-40-L-Mittelsicke-2-300x200.jpg 300w, https:\/\/xn--montagebau-wnsch-uzb.de\/montagebau\/wp-content\/uploads\/2018\/03\/GSW-40-L-Mittelsicke-2-768x513.jpg 768w, https:\/\/xn--montagebau-wnsch-uzb.de\/montagebau\/wp-content\/uploads\/2018\/03\/GSW-40-L-Mittelsicke-2-1024x683.jpg 1024w, https:\/\/xn--montagebau-wnsch-uzb.de\/montagebau\/wp-content\/uploads\/2018\/03\/GSW-40-L-Mittelsicke-2-830x554.jpg 830w, https:\/\/xn--montagebau-wnsch-uzb.de\/montagebau\/wp-content\/uploads\/2018\/03\/GSW-40-L-Mittelsicke-2-230x154.jpg 230w, https:\/\/xn--montagebau-wnsch-uzb.de\/montagebau\/wp-content\/uploads\/2018\/03\/GSW-40-L-Mittelsicke-2-350x234.jpg 350w, https:\/\/xn--montagebau-wnsch-uzb.de\/montagebau\/wp-content\/uploads\/2018\/03\/GSW-40-L-Mittelsicke-2-480x320.jpg 480w, https:\/\/xn--montagebau-wnsch-uzb.de\/montagebau\/wp-content\/uploads\/2018\/03\/GSW-40-L-Mittelsicke-2-272x182.jpg 272w\" sizes=\"auto, (max-width: 7360px) 100vw, 7360px\" \/>\t\t\t\t\t<\/div>\n\t\t\t\t\t\t\t\t\t<\/div>\n\t\t\t<\/div>\n\t\t\t\t\t<\/li>\n\t\t\t\t<li class=\"sow-slider-image\" style=\"visibility: hidden;\" >\n\t\t\t\t\t\t<div class=\"sow-slider-image-container\">\n\t\t\t\t<div class=\"sow-slider-image-wrapper\" style=\"max-width: 2104px\">\n\t\t\t\t\t\t\t\t\t\t<div class=\"sow-slider-image-foreground-wrapper\">\n\t\t\t\t\t\t<img loading=\"lazy\" decoding=\"async\" width=\"2104\" height=\"1549\" src=\"https:\/\/xn--montagebau-wnsch-uzb.de\/montagebau\/wp-content\/uploads\/2018\/03\/CarTeck-Sectionaltor-GSW40-M-Kassette.jpg\" class=\"sow-slider-foreground-image\" alt=\"\" style=\"\" srcset=\"https:\/\/xn--montagebau-wnsch-uzb.de\/montagebau\/wp-content\/uploads\/2018\/03\/CarTeck-Sectionaltor-GSW40-M-Kassette.jpg 2104w, https:\/\/xn--montagebau-wnsch-uzb.de\/montagebau\/wp-content\/uploads\/2018\/03\/CarTeck-Sectionaltor-GSW40-M-Kassette-300x221.jpg 300w, https:\/\/xn--montagebau-wnsch-uzb.de\/montagebau\/wp-content\/uploads\/2018\/03\/CarTeck-Sectionaltor-GSW40-M-Kassette-768x565.jpg 768w, https:\/\/xn--montagebau-wnsch-uzb.de\/montagebau\/wp-content\/uploads\/2018\/03\/CarTeck-Sectionaltor-GSW40-M-Kassette-1024x754.jpg 1024w, https:\/\/xn--montagebau-wnsch-uzb.de\/montagebau\/wp-content\/uploads\/2018\/03\/CarTeck-Sectionaltor-GSW40-M-Kassette-830x611.jpg 830w, https:\/\/xn--montagebau-wnsch-uzb.de\/montagebau\/wp-content\/uploads\/2018\/03\/CarTeck-Sectionaltor-GSW40-M-Kassette-230x169.jpg 230w, https:\/\/xn--montagebau-wnsch-uzb.de\/montagebau\/wp-content\/uploads\/2018\/03\/CarTeck-Sectionaltor-GSW40-M-Kassette-350x258.jpg 350w, https:\/\/xn--montagebau-wnsch-uzb.de\/montagebau\/wp-content\/uploads\/2018\/03\/CarTeck-Sectionaltor-GSW40-M-Kassette-480x353.jpg 480w\" sizes=\"auto, (max-width: 2104px) 100vw, 2104px\" \/>\t\t\t\t\t<\/div>\n\t\t\t\t\t\t\t\t\t<\/div>\n\t\t\t<\/div>\n\t\t\t\t\t<\/li>\n\t\t\t\t<li class=\"sow-slider-image\" style=\"visibility: hidden;\" >\n\t\t\t\t\t\t<div class=\"sow-slider-image-container\">\n\t\t\t\t<div class=\"sow-slider-image-wrapper\" style=\"max-width: 955px\">\n\t\t\t\t\t\t\t\t\t\t<div class=\"sow-slider-image-foreground-wrapper\">\n\t\t\t\t\t\t<img loading=\"lazy\" decoding=\"async\" width=\"955\" height=\"521\" src=\"https:\/\/xn--montagebau-wnsch-uzb.de\/montagebau\/wp-content\/uploads\/2018\/03\/CarTeck-Sectionaltor-GSW-40-L-Kassette-Golden-Oak.jpg\" class=\"sow-slider-foreground-image\" alt=\"\" style=\"\" srcset=\"https:\/\/xn--montagebau-wnsch-uzb.de\/montagebau\/wp-content\/uploads\/2018\/03\/CarTeck-Sectionaltor-GSW-40-L-Kassette-Golden-Oak.jpg 955w, https:\/\/xn--montagebau-wnsch-uzb.de\/montagebau\/wp-content\/uploads\/2018\/03\/CarTeck-Sectionaltor-GSW-40-L-Kassette-Golden-Oak-300x164.jpg 300w, https:\/\/xn--montagebau-wnsch-uzb.de\/montagebau\/wp-content\/uploads\/2018\/03\/CarTeck-Sectionaltor-GSW-40-L-Kassette-Golden-Oak-768x419.jpg 768w, https:\/\/xn--montagebau-wnsch-uzb.de\/montagebau\/wp-content\/uploads\/2018\/03\/CarTeck-Sectionaltor-GSW-40-L-Kassette-Golden-Oak-830x453.jpg 830w, https:\/\/xn--montagebau-wnsch-uzb.de\/montagebau\/wp-content\/uploads\/2018\/03\/CarTeck-Sectionaltor-GSW-40-L-Kassette-Golden-Oak-230x125.jpg 230w, https:\/\/xn--montagebau-wnsch-uzb.de\/montagebau\/wp-content\/uploads\/2018\/03\/CarTeck-Sectionaltor-GSW-40-L-Kassette-Golden-Oak-350x191.jpg 350w, https:\/\/xn--montagebau-wnsch-uzb.de\/montagebau\/wp-content\/uploads\/2018\/03\/CarTeck-Sectionaltor-GSW-40-L-Kassette-Golden-Oak-480x262.jpg 480w\" sizes=\"auto, (max-width: 955px) 100vw, 955px\" \/>\t\t\t\t\t<\/div>\n\t\t\t\t\t\t\t\t\t<\/div>\n\t\t\t<\/div>\n\t\t\t\t\t<\/li>\n\t\t<\/ul>\t\t\t\t<ol class=\"sow-slider-pagination\">\n\t\t\t\t\t\t\t\t\t\t\t<li><a href=\"#\" data-goto=\"0\" aria-label=\"Display slide 1\"><\/a><\/li>\n\t\t\t\t\t\t\t\t\t\t\t<li><a href=\"#\" data-goto=\"1\" aria-label=\"Display slide 2\"><\/a><\/li>\n\t\t\t\t\t\t\t\t\t\t\t<li><a href=\"#\" data-goto=\"2\" aria-label=\"Display slide 3\"><\/a><\/li>\n\t\t\t\t\t\t\t\t\t\t\t<li><a href=\"#\" data-goto=\"3\" aria-label=\"Display slide 4\"><\/a><\/li>\n\t\t\t\t\t\t\t\t\t\t\t<li><a href=\"#\" data-goto=\"4\" aria-label=\"Display slide 5\"><\/a><\/li>\n\t\t\t\t\t\t\t\t\t<\/ol>\n\n\t\t\t\t<div class=\"sow-slide-nav sow-slide-nav-next\">\n\t\t\t\t\t<a href=\"#\" data-goto=\"next\" aria-label=\"Next slide\" data-action=\"next\">\n\t\t\t\t\t\t<em class=\"sow-sld-icon-thin-right\"><\/em>\n\t\t\t\t\t<\/a>\n\t\t\t\t<\/div>\n\n\t\t\t\t<div class=\"sow-slide-nav sow-slide-nav-prev\">\n\t\t\t\t\t<a href=\"#\" data-goto=\"previous\" aria-label=\"Previous slide\" data-action=\"prev\">\n\t\t\t\t\t\t<em class=\"sow-sld-icon-thin-left\"><\/em>\n\t\t\t\t\t<\/a>\n\t\t\t\t<\/div>\n\t\t\t\t<\/div><\/div><\/div><\/div><div id=\"panel-553-1-1-1\" class=\"so-panel widget widget_sow-slider\" data-index=\"3\" ><div style=\"text-align: left;\" data-title-color=\"#443f3f\" data-headings-color=\"#443f3f\" class=\"panel-widget-style panel-widget-style-for-553-1-1-1\" ><div\n\t\t\t\n\t\t\tclass=\"so-widget-sow-slider so-widget-sow-slider-default-6d39609536fd-553\"\n\t\t\t\n\t\t>\t\t\t\t<div class=\"sow-slider-base\" style=\"display: none\" tabindex=\"0\">\n\t\t\t\t\t<ul\n\t\t\t\t\tclass=\"sow-slider-images\"\n\t\t\t\t\tdata-settings=\"{&quot;pagination&quot;:true,&quot;speed&quot;:800,&quot;timeout&quot;:8000,&quot;paused&quot;:false,&quot;pause_on_hover&quot;:false,&quot;swipe&quot;:true,&quot;nav_always_show_desktop&quot;:&quot;&quot;,&quot;nav_always_show_mobile&quot;:&quot;&quot;,&quot;breakpoint&quot;:&quot;780px&quot;,&quot;unmute&quot;:false,&quot;anchor&quot;:null}\"\n\t\t\t\t\t\t\t\t\t\tdata-anchor-id=\"\"\n\t\t\t\t>\t\t<li class=\"sow-slider-image\" style=\"visibility: visible;\" >\n\t\t\t\t\t\t<div class=\"sow-slider-image-container\">\n\t\t\t\t<div class=\"sow-slider-image-wrapper\" style=\"max-width: 2021px\">\n\t\t\t\t\t\t\t\t\t\t<div class=\"sow-slider-image-foreground-wrapper\">\n\t\t\t\t\t\t<img loading=\"lazy\" decoding=\"async\" width=\"2021\" height=\"1277\" src=\"https:\/\/xn--montagebau-wnsch-uzb.de\/montagebau\/wp-content\/uploads\/2018\/03\/CarTeck-Sectionaltor-GSW-40-L-Mittelsicke_Alu-Lichtband.jpg\" class=\"sow-slider-foreground-image\" alt=\"\" style=\"\" srcset=\"https:\/\/xn--montagebau-wnsch-uzb.de\/montagebau\/wp-content\/uploads\/2018\/03\/CarTeck-Sectionaltor-GSW-40-L-Mittelsicke_Alu-Lichtband.jpg 2021w, https:\/\/xn--montagebau-wnsch-uzb.de\/montagebau\/wp-content\/uploads\/2018\/03\/CarTeck-Sectionaltor-GSW-40-L-Mittelsicke_Alu-Lichtband-300x190.jpg 300w, https:\/\/xn--montagebau-wnsch-uzb.de\/montagebau\/wp-content\/uploads\/2018\/03\/CarTeck-Sectionaltor-GSW-40-L-Mittelsicke_Alu-Lichtband-768x485.jpg 768w, https:\/\/xn--montagebau-wnsch-uzb.de\/montagebau\/wp-content\/uploads\/2018\/03\/CarTeck-Sectionaltor-GSW-40-L-Mittelsicke_Alu-Lichtband-1024x647.jpg 1024w, https:\/\/xn--montagebau-wnsch-uzb.de\/montagebau\/wp-content\/uploads\/2018\/03\/CarTeck-Sectionaltor-GSW-40-L-Mittelsicke_Alu-Lichtband-830x524.jpg 830w, https:\/\/xn--montagebau-wnsch-uzb.de\/montagebau\/wp-content\/uploads\/2018\/03\/CarTeck-Sectionaltor-GSW-40-L-Mittelsicke_Alu-Lichtband-230x145.jpg 230w, https:\/\/xn--montagebau-wnsch-uzb.de\/montagebau\/wp-content\/uploads\/2018\/03\/CarTeck-Sectionaltor-GSW-40-L-Mittelsicke_Alu-Lichtband-350x221.jpg 350w, https:\/\/xn--montagebau-wnsch-uzb.de\/montagebau\/wp-content\/uploads\/2018\/03\/CarTeck-Sectionaltor-GSW-40-L-Mittelsicke_Alu-Lichtband-480x303.jpg 480w\" sizes=\"auto, (max-width: 2021px) 100vw, 2021px\" \/>\t\t\t\t\t<\/div>\n\t\t\t\t\t\t\t\t\t<\/div>\n\t\t\t<\/div>\n\t\t\t\t\t<\/li>\n\t\t\t\t<li class=\"sow-slider-image\" style=\"visibility: hidden;\" >\n\t\t\t\t\t\t<div class=\"sow-slider-image-container\">\n\t\t\t\t<div class=\"sow-slider-image-wrapper\" style=\"max-width: 2309px\">\n\t\t\t\t\t\t\t\t\t\t<div class=\"sow-slider-image-foreground-wrapper\">\n\t\t\t\t\t\t<img loading=\"lazy\" decoding=\"async\" width=\"2309\" height=\"1223\" src=\"https:\/\/xn--montagebau-wnsch-uzb.de\/montagebau\/wp-content\/uploads\/2018\/03\/CarTeck-Sectionaltor-GSW-40-L-Mittelsicke-microprofiliert-.jpg\" class=\"sow-slider-foreground-image\" alt=\"\" style=\"\" srcset=\"https:\/\/xn--montagebau-wnsch-uzb.de\/montagebau\/wp-content\/uploads\/2018\/03\/CarTeck-Sectionaltor-GSW-40-L-Mittelsicke-microprofiliert-.jpg 2309w, https:\/\/xn--montagebau-wnsch-uzb.de\/montagebau\/wp-content\/uploads\/2018\/03\/CarTeck-Sectionaltor-GSW-40-L-Mittelsicke-microprofiliert--300x159.jpg 300w, https:\/\/xn--montagebau-wnsch-uzb.de\/montagebau\/wp-content\/uploads\/2018\/03\/CarTeck-Sectionaltor-GSW-40-L-Mittelsicke-microprofiliert--768x407.jpg 768w, https:\/\/xn--montagebau-wnsch-uzb.de\/montagebau\/wp-content\/uploads\/2018\/03\/CarTeck-Sectionaltor-GSW-40-L-Mittelsicke-microprofiliert--1024x542.jpg 1024w, https:\/\/xn--montagebau-wnsch-uzb.de\/montagebau\/wp-content\/uploads\/2018\/03\/CarTeck-Sectionaltor-GSW-40-L-Mittelsicke-microprofiliert--830x440.jpg 830w, https:\/\/xn--montagebau-wnsch-uzb.de\/montagebau\/wp-content\/uploads\/2018\/03\/CarTeck-Sectionaltor-GSW-40-L-Mittelsicke-microprofiliert--230x122.jpg 230w, https:\/\/xn--montagebau-wnsch-uzb.de\/montagebau\/wp-content\/uploads\/2018\/03\/CarTeck-Sectionaltor-GSW-40-L-Mittelsicke-microprofiliert--350x185.jpg 350w, https:\/\/xn--montagebau-wnsch-uzb.de\/montagebau\/wp-content\/uploads\/2018\/03\/CarTeck-Sectionaltor-GSW-40-L-Mittelsicke-microprofiliert--480x254.jpg 480w\" sizes=\"auto, (max-width: 2309px) 100vw, 2309px\" \/>\t\t\t\t\t<\/div>\n\t\t\t\t\t\t\t\t\t<\/div>\n\t\t\t<\/div>\n\t\t\t\t\t<\/li>\n\t\t\t\t<li class=\"sow-slider-image\" style=\"visibility: hidden;\" >\n\t\t\t\t\t\t<div class=\"sow-slider-image-container\">\n\t\t\t\t<div class=\"sow-slider-image-wrapper\" style=\"max-width: 2306px\">\n\t\t\t\t\t\t\t\t\t\t<div class=\"sow-slider-image-foreground-wrapper\">\n\t\t\t\t\t\t<img loading=\"lazy\" decoding=\"async\" width=\"2306\" height=\"940\" src=\"https:\/\/xn--montagebau-wnsch-uzb.de\/montagebau\/wp-content\/uploads\/2018\/03\/CarTeck-Sectionaltor-GSW-40-L-Mittelsicke-Golden-Oak.jpg\" class=\"sow-slider-foreground-image\" alt=\"\" style=\"\" srcset=\"https:\/\/xn--montagebau-wnsch-uzb.de\/montagebau\/wp-content\/uploads\/2018\/03\/CarTeck-Sectionaltor-GSW-40-L-Mittelsicke-Golden-Oak.jpg 2306w, https:\/\/xn--montagebau-wnsch-uzb.de\/montagebau\/wp-content\/uploads\/2018\/03\/CarTeck-Sectionaltor-GSW-40-L-Mittelsicke-Golden-Oak-300x122.jpg 300w, https:\/\/xn--montagebau-wnsch-uzb.de\/montagebau\/wp-content\/uploads\/2018\/03\/CarTeck-Sectionaltor-GSW-40-L-Mittelsicke-Golden-Oak-768x313.jpg 768w, https:\/\/xn--montagebau-wnsch-uzb.de\/montagebau\/wp-content\/uploads\/2018\/03\/CarTeck-Sectionaltor-GSW-40-L-Mittelsicke-Golden-Oak-1024x417.jpg 1024w, https:\/\/xn--montagebau-wnsch-uzb.de\/montagebau\/wp-content\/uploads\/2018\/03\/CarTeck-Sectionaltor-GSW-40-L-Mittelsicke-Golden-Oak-830x338.jpg 830w, https:\/\/xn--montagebau-wnsch-uzb.de\/montagebau\/wp-content\/uploads\/2018\/03\/CarTeck-Sectionaltor-GSW-40-L-Mittelsicke-Golden-Oak-230x94.jpg 230w, https:\/\/xn--montagebau-wnsch-uzb.de\/montagebau\/wp-content\/uploads\/2018\/03\/CarTeck-Sectionaltor-GSW-40-L-Mittelsicke-Golden-Oak-350x143.jpg 350w, https:\/\/xn--montagebau-wnsch-uzb.de\/montagebau\/wp-content\/uploads\/2018\/03\/CarTeck-Sectionaltor-GSW-40-L-Mittelsicke-Golden-Oak-480x196.jpg 480w\" sizes=\"auto, (max-width: 2306px) 100vw, 2306px\" \/>\t\t\t\t\t<\/div>\n\t\t\t\t\t\t\t\t\t<\/div>\n\t\t\t<\/div>\n\t\t\t\t\t<\/li>\n\t\t\t\t<li class=\"sow-slider-image\" style=\"visibility: hidden;\" >\n\t\t\t\t\t\t<div class=\"sow-slider-image-container\">\n\t\t\t\t<div class=\"sow-slider-image-wrapper\" style=\"max-width: 3482px\">\n\t\t\t\t\t\t\t\t\t\t<div class=\"sow-slider-image-foreground-wrapper\">\n\t\t\t\t\t\t<img loading=\"lazy\" decoding=\"async\" width=\"3482\" height=\"1635\" src=\"https:\/\/xn--montagebau-wnsch-uzb.de\/montagebau\/wp-content\/uploads\/2018\/03\/CarTeck-Sectionaltor-GSW-40-L-Mittelsicke-Doppelgarage.jpg\" class=\"sow-slider-foreground-image\" alt=\"\" style=\"\" srcset=\"https:\/\/xn--montagebau-wnsch-uzb.de\/montagebau\/wp-content\/uploads\/2018\/03\/CarTeck-Sectionaltor-GSW-40-L-Mittelsicke-Doppelgarage.jpg 3482w, https:\/\/xn--montagebau-wnsch-uzb.de\/montagebau\/wp-content\/uploads\/2018\/03\/CarTeck-Sectionaltor-GSW-40-L-Mittelsicke-Doppelgarage-300x141.jpg 300w, https:\/\/xn--montagebau-wnsch-uzb.de\/montagebau\/wp-content\/uploads\/2018\/03\/CarTeck-Sectionaltor-GSW-40-L-Mittelsicke-Doppelgarage-768x361.jpg 768w, https:\/\/xn--montagebau-wnsch-uzb.de\/montagebau\/wp-content\/uploads\/2018\/03\/CarTeck-Sectionaltor-GSW-40-L-Mittelsicke-Doppelgarage-1024x481.jpg 1024w, https:\/\/xn--montagebau-wnsch-uzb.de\/montagebau\/wp-content\/uploads\/2018\/03\/CarTeck-Sectionaltor-GSW-40-L-Mittelsicke-Doppelgarage-830x390.jpg 830w, https:\/\/xn--montagebau-wnsch-uzb.de\/montagebau\/wp-content\/uploads\/2018\/03\/CarTeck-Sectionaltor-GSW-40-L-Mittelsicke-Doppelgarage-230x108.jpg 230w, https:\/\/xn--montagebau-wnsch-uzb.de\/montagebau\/wp-content\/uploads\/2018\/03\/CarTeck-Sectionaltor-GSW-40-L-Mittelsicke-Doppelgarage-350x164.jpg 350w, https:\/\/xn--montagebau-wnsch-uzb.de\/montagebau\/wp-content\/uploads\/2018\/03\/CarTeck-Sectionaltor-GSW-40-L-Mittelsicke-Doppelgarage-480x225.jpg 480w\" sizes=\"auto, (max-width: 3482px) 100vw, 3482px\" \/>\t\t\t\t\t<\/div>\n\t\t\t\t\t\t\t\t\t<\/div>\n\t\t\t<\/div>\n\t\t\t\t\t<\/li>\n\t\t\t\t<li class=\"sow-slider-image\" style=\"visibility: hidden;\" >\n\t\t\t\t\t\t<div class=\"sow-slider-image-container\">\n\t\t\t\t<div class=\"sow-slider-image-wrapper\" style=\"max-width: 1952px\">\n\t\t\t\t\t\t\t\t\t\t<div class=\"sow-slider-image-foreground-wrapper\">\n\t\t\t\t\t\t<img loading=\"lazy\" decoding=\"async\" width=\"1952\" height=\"1692\" src=\"https:\/\/xn--montagebau-wnsch-uzb.de\/montagebau\/wp-content\/uploads\/2018\/03\/CarTeck-Schwingtor-mit-L\u00fcftungsgitter.jpg\" class=\"sow-slider-foreground-image\" alt=\"\" style=\"\" srcset=\"https:\/\/xn--montagebau-wnsch-uzb.de\/montagebau\/wp-content\/uploads\/2018\/03\/CarTeck-Schwingtor-mit-L\u00fcftungsgitter.jpg 1952w, https:\/\/xn--montagebau-wnsch-uzb.de\/montagebau\/wp-content\/uploads\/2018\/03\/CarTeck-Schwingtor-mit-L\u00fcftungsgitter-300x260.jpg 300w, https:\/\/xn--montagebau-wnsch-uzb.de\/montagebau\/wp-content\/uploads\/2018\/03\/CarTeck-Schwingtor-mit-L\u00fcftungsgitter-768x666.jpg 768w, https:\/\/xn--montagebau-wnsch-uzb.de\/montagebau\/wp-content\/uploads\/2018\/03\/CarTeck-Schwingtor-mit-L\u00fcftungsgitter-1024x888.jpg 1024w, https:\/\/xn--montagebau-wnsch-uzb.de\/montagebau\/wp-content\/uploads\/2018\/03\/CarTeck-Schwingtor-mit-L\u00fcftungsgitter-830x719.jpg 830w, https:\/\/xn--montagebau-wnsch-uzb.de\/montagebau\/wp-content\/uploads\/2018\/03\/CarTeck-Schwingtor-mit-L\u00fcftungsgitter-230x199.jpg 230w, https:\/\/xn--montagebau-wnsch-uzb.de\/montagebau\/wp-content\/uploads\/2018\/03\/CarTeck-Schwingtor-mit-L\u00fcftungsgitter-350x303.jpg 350w, https:\/\/xn--montagebau-wnsch-uzb.de\/montagebau\/wp-content\/uploads\/2018\/03\/CarTeck-Schwingtor-mit-L\u00fcftungsgitter-480x416.jpg 480w\" sizes=\"auto, (max-width: 1952px) 100vw, 1952px\" \/>\t\t\t\t\t<\/div>\n\t\t\t\t\t\t\t\t\t<\/div>\n\t\t\t<\/div>\n\t\t\t\t\t<\/li>\n\t\t<\/ul>\t\t\t\t<ol class=\"sow-slider-pagination\">\n\t\t\t\t\t\t\t\t\t\t\t<li><a href=\"#\" data-goto=\"0\" aria-label=\"Display slide 1\"><\/a><\/li>\n\t\t\t\t\t\t\t\t\t\t\t<li><a href=\"#\" data-goto=\"1\" aria-label=\"Display slide 2\"><\/a><\/li>\n\t\t\t\t\t\t\t\t\t\t\t<li><a href=\"#\" data-goto=\"2\" aria-label=\"Display slide 3\"><\/a><\/li>\n\t\t\t\t\t\t\t\t\t\t\t<li><a href=\"#\" data-goto=\"3\" aria-label=\"Display slide 4\"><\/a><\/li>\n\t\t\t\t\t\t\t\t\t\t\t<li><a href=\"#\" data-goto=\"4\" aria-label=\"Display slide 5\"><\/a><\/li>\n\t\t\t\t\t\t\t\t\t<\/ol>\n\n\t\t\t\t<div class=\"sow-slide-nav sow-slide-nav-next\">\n\t\t\t\t\t<a href=\"#\" data-goto=\"next\" aria-label=\"Next slide\" data-action=\"next\">\n\t\t\t\t\t\t<em class=\"sow-sld-icon-thin-right\"><\/em>\n\t\t\t\t\t<\/a>\n\t\t\t\t<\/div>\n\n\t\t\t\t<div class=\"sow-slide-nav sow-slide-nav-prev\">\n\t\t\t\t\t<a href=\"#\" data-goto=\"previous\" aria-label=\"Previous slide\" data-action=\"prev\">\n\t\t\t\t\t\t<em class=\"sow-sld-icon-thin-left\"><\/em>\n\t\t\t\t\t<\/a>\n\t\t\t\t<\/div>\n\t\t\t\t<\/div><\/div><\/div><\/div><div id=\"panel-553-1-1-2\" class=\"so-panel widget widget_sow-slider panel-last-child\" data-index=\"4\" ><div style=\"text-align: left;\" data-title-color=\"#443f3f\" data-headings-color=\"#443f3f\" class=\"panel-widget-style panel-widget-style-for-553-1-1-2\" ><div\n\t\t\t\n\t\t\tclass=\"so-widget-sow-slider so-widget-sow-slider-default-6d39609536fd-553\"\n\t\t\t\n\t\t>\t\t\t\t<div class=\"sow-slider-base\" style=\"display: none\" tabindex=\"0\">\n\t\t\t\t\t<ul\n\t\t\t\t\tclass=\"sow-slider-images\"\n\t\t\t\t\tdata-settings=\"{&quot;pagination&quot;:true,&quot;speed&quot;:800,&quot;timeout&quot;:8000,&quot;paused&quot;:false,&quot;pause_on_hover&quot;:false,&quot;swipe&quot;:true,&quot;nav_always_show_desktop&quot;:&quot;&quot;,&quot;nav_always_show_mobile&quot;:&quot;&quot;,&quot;breakpoint&quot;:&quot;780px&quot;,&quot;unmute&quot;:false,&quot;anchor&quot;:null}\"\n\t\t\t\t\t\t\t\t\t\tdata-anchor-id=\"\"\n\t\t\t\t>\t\t<li class=\"sow-slider-image\" style=\"visibility: visible;\" >\n\t\t\t\t\t\t<div class=\"sow-slider-image-container\">\n\t\t\t\t<div class=\"sow-slider-image-wrapper\" style=\"max-width: 1455px\">\n\t\t\t\t\t\t\t\t\t\t<div class=\"sow-slider-image-foreground-wrapper\">\n\t\t\t\t\t\t<img loading=\"lazy\" decoding=\"async\" width=\"1455\" height=\"1129\" src=\"https:\/\/xn--montagebau-wnsch-uzb.de\/montagebau\/wp-content\/uploads\/2018\/03\/CarTeck-Schwingtor-Kassette.jpg\" class=\"sow-slider-foreground-image\" alt=\"\" style=\"\" srcset=\"https:\/\/xn--montagebau-wnsch-uzb.de\/montagebau\/wp-content\/uploads\/2018\/03\/CarTeck-Schwingtor-Kassette.jpg 1455w, https:\/\/xn--montagebau-wnsch-uzb.de\/montagebau\/wp-content\/uploads\/2018\/03\/CarTeck-Schwingtor-Kassette-300x233.jpg 300w, https:\/\/xn--montagebau-wnsch-uzb.de\/montagebau\/wp-content\/uploads\/2018\/03\/CarTeck-Schwingtor-Kassette-768x596.jpg 768w, https:\/\/xn--montagebau-wnsch-uzb.de\/montagebau\/wp-content\/uploads\/2018\/03\/CarTeck-Schwingtor-Kassette-1024x795.jpg 1024w, https:\/\/xn--montagebau-wnsch-uzb.de\/montagebau\/wp-content\/uploads\/2018\/03\/CarTeck-Schwingtor-Kassette-830x644.jpg 830w, https:\/\/xn--montagebau-wnsch-uzb.de\/montagebau\/wp-content\/uploads\/2018\/03\/CarTeck-Schwingtor-Kassette-230x178.jpg 230w, https:\/\/xn--montagebau-wnsch-uzb.de\/montagebau\/wp-content\/uploads\/2018\/03\/CarTeck-Schwingtor-Kassette-350x272.jpg 350w, https:\/\/xn--montagebau-wnsch-uzb.de\/montagebau\/wp-content\/uploads\/2018\/03\/CarTeck-Schwingtor-Kassette-480x372.jpg 480w\" sizes=\"auto, (max-width: 1455px) 100vw, 1455px\" \/>\t\t\t\t\t<\/div>\n\t\t\t\t\t\t\t\t\t<\/div>\n\t\t\t<\/div>\n\t\t\t\t\t<\/li>\n\t\t\t\t<li class=\"sow-slider-image\" style=\"visibility: hidden;\" >\n\t\t\t\t\t\t<div class=\"sow-slider-image-container\">\n\t\t\t\t<div class=\"sow-slider-image-wrapper\" style=\"max-width: 1403px\">\n\t\t\t\t\t\t\t\t\t\t<div class=\"sow-slider-image-foreground-wrapper\">\n\t\t\t\t\t\t<img loading=\"lazy\" decoding=\"async\" width=\"1403\" height=\"964\" src=\"https:\/\/xn--montagebau-wnsch-uzb.de\/montagebau\/wp-content\/uploads\/2018\/03\/CarTeck-Schwingtor-Holz.jpg\" class=\"sow-slider-foreground-image\" alt=\"\" style=\"\" srcset=\"https:\/\/xn--montagebau-wnsch-uzb.de\/montagebau\/wp-content\/uploads\/2018\/03\/CarTeck-Schwingtor-Holz.jpg 1403w, https:\/\/xn--montagebau-wnsch-uzb.de\/montagebau\/wp-content\/uploads\/2018\/03\/CarTeck-Schwingtor-Holz-300x206.jpg 300w, https:\/\/xn--montagebau-wnsch-uzb.de\/montagebau\/wp-content\/uploads\/2018\/03\/CarTeck-Schwingtor-Holz-768x528.jpg 768w, https:\/\/xn--montagebau-wnsch-uzb.de\/montagebau\/wp-content\/uploads\/2018\/03\/CarTeck-Schwingtor-Holz-1024x704.jpg 1024w, https:\/\/xn--montagebau-wnsch-uzb.de\/montagebau\/wp-content\/uploads\/2018\/03\/CarTeck-Schwingtor-Holz-830x570.jpg 830w, https:\/\/xn--montagebau-wnsch-uzb.de\/montagebau\/wp-content\/uploads\/2018\/03\/CarTeck-Schwingtor-Holz-230x158.jpg 230w, https:\/\/xn--montagebau-wnsch-uzb.de\/montagebau\/wp-content\/uploads\/2018\/03\/CarTeck-Schwingtor-Holz-350x240.jpg 350w, https:\/\/xn--montagebau-wnsch-uzb.de\/montagebau\/wp-content\/uploads\/2018\/03\/CarTeck-Schwingtor-Holz-480x330.jpg 480w\" sizes=\"auto, (max-width: 1403px) 100vw, 1403px\" \/>\t\t\t\t\t<\/div>\n\t\t\t\t\t\t\t\t\t<\/div>\n\t\t\t<\/div>\n\t\t\t\t\t<\/li>\n\t\t\t\t<li class=\"sow-slider-image\" style=\"visibility: hidden;\" >\n\t\t\t\t\t\t<div class=\"sow-slider-image-container\">\n\t\t\t\t<div class=\"sow-slider-image-wrapper\" style=\"max-width: 2039px\">\n\t\t\t\t\t\t\t\t\t\t<div class=\"sow-slider-image-foreground-wrapper\">\n\t\t\t\t\t\t<img loading=\"lazy\" decoding=\"async\" width=\"2039\" height=\"1478\" src=\"https:\/\/xn--montagebau-wnsch-uzb.de\/montagebau\/wp-content\/uploads\/2018\/03\/CarTeck-Schwingtor-Fischgr\u00e4t.jpg\" class=\"sow-slider-foreground-image\" alt=\"\" style=\"\" srcset=\"https:\/\/xn--montagebau-wnsch-uzb.de\/montagebau\/wp-content\/uploads\/2018\/03\/CarTeck-Schwingtor-Fischgr\u00e4t.jpg 2039w, https:\/\/xn--montagebau-wnsch-uzb.de\/montagebau\/wp-content\/uploads\/2018\/03\/CarTeck-Schwingtor-Fischgr\u00e4t-300x217.jpg 300w, https:\/\/xn--montagebau-wnsch-uzb.de\/montagebau\/wp-content\/uploads\/2018\/03\/CarTeck-Schwingtor-Fischgr\u00e4t-768x557.jpg 768w, https:\/\/xn--montagebau-wnsch-uzb.de\/montagebau\/wp-content\/uploads\/2018\/03\/CarTeck-Schwingtor-Fischgr\u00e4t-1024x742.jpg 1024w, https:\/\/xn--montagebau-wnsch-uzb.de\/montagebau\/wp-content\/uploads\/2018\/03\/CarTeck-Schwingtor-Fischgr\u00e4t-830x602.jpg 830w, https:\/\/xn--montagebau-wnsch-uzb.de\/montagebau\/wp-content\/uploads\/2018\/03\/CarTeck-Schwingtor-Fischgr\u00e4t-550x400.jpg 550w, https:\/\/xn--montagebau-wnsch-uzb.de\/montagebau\/wp-content\/uploads\/2018\/03\/CarTeck-Schwingtor-Fischgr\u00e4t-230x167.jpg 230w, https:\/\/xn--montagebau-wnsch-uzb.de\/montagebau\/wp-content\/uploads\/2018\/03\/CarTeck-Schwingtor-Fischgr\u00e4t-350x254.jpg 350w, https:\/\/xn--montagebau-wnsch-uzb.de\/montagebau\/wp-content\/uploads\/2018\/03\/CarTeck-Schwingtor-Fischgr\u00e4t-480x348.jpg 480w\" sizes=\"auto, (max-width: 2039px) 100vw, 2039px\" \/>\t\t\t\t\t<\/div>\n\t\t\t\t\t\t\t\t\t<\/div>\n\t\t\t<\/div>\n\t\t\t\t\t<\/li>\n\t\t\t\t<li class=\"sow-slider-image\" style=\"visibility: hidden;\" >\n\t\t\t\t\t\t<div class=\"sow-slider-image-container\">\n\t\t\t\t<div class=\"sow-slider-image-wrapper\" style=\"max-width: 3138px\">\n\t\t\t\t\t\t\t\t\t\t<div class=\"sow-slider-image-foreground-wrapper\">\n\t\t\t\t\t\t<img loading=\"lazy\" decoding=\"async\" width=\"3138\" height=\"1698\" src=\"https:\/\/xn--montagebau-wnsch-uzb.de\/montagebau\/wp-content\/uploads\/2018\/03\/CarTeck-Sectionaltor-GSW-40-L-ohne-Sicke-.jpg\" class=\"sow-slider-foreground-image\" alt=\"\" style=\"\" srcset=\"https:\/\/xn--montagebau-wnsch-uzb.de\/montagebau\/wp-content\/uploads\/2018\/03\/CarTeck-Sectionaltor-GSW-40-L-ohne-Sicke-.jpg 3138w, https:\/\/xn--montagebau-wnsch-uzb.de\/montagebau\/wp-content\/uploads\/2018\/03\/CarTeck-Sectionaltor-GSW-40-L-ohne-Sicke--300x162.jpg 300w, https:\/\/xn--montagebau-wnsch-uzb.de\/montagebau\/wp-content\/uploads\/2018\/03\/CarTeck-Sectionaltor-GSW-40-L-ohne-Sicke--768x416.jpg 768w, https:\/\/xn--montagebau-wnsch-uzb.de\/montagebau\/wp-content\/uploads\/2018\/03\/CarTeck-Sectionaltor-GSW-40-L-ohne-Sicke--1024x554.jpg 1024w, https:\/\/xn--montagebau-wnsch-uzb.de\/montagebau\/wp-content\/uploads\/2018\/03\/CarTeck-Sectionaltor-GSW-40-L-ohne-Sicke--830x449.jpg 830w, https:\/\/xn--montagebau-wnsch-uzb.de\/montagebau\/wp-content\/uploads\/2018\/03\/CarTeck-Sectionaltor-GSW-40-L-ohne-Sicke--230x124.jpg 230w, https:\/\/xn--montagebau-wnsch-uzb.de\/montagebau\/wp-content\/uploads\/2018\/03\/CarTeck-Sectionaltor-GSW-40-L-ohne-Sicke--350x189.jpg 350w, https:\/\/xn--montagebau-wnsch-uzb.de\/montagebau\/wp-content\/uploads\/2018\/03\/CarTeck-Sectionaltor-GSW-40-L-ohne-Sicke--480x260.jpg 480w\" sizes=\"auto, (max-width: 3138px) 100vw, 3138px\" \/>\t\t\t\t\t<\/div>\n\t\t\t\t\t\t\t\t\t<\/div>\n\t\t\t<\/div>\n\t\t\t\t\t<\/li>\n\t\t\t\t<li class=\"sow-slider-image\" style=\"visibility: hidden;\" >\n\t\t\t\t\t\t<div class=\"sow-slider-image-container\">\n\t\t\t\t<div class=\"sow-slider-image-wrapper\" style=\"max-width: 5433px\">\n\t\t\t\t\t\t\t\t\t\t<div class=\"sow-slider-image-foreground-wrapper\">\n\t\t\t\t\t\t<img loading=\"lazy\" decoding=\"async\" width=\"5433\" height=\"3669\" src=\"https:\/\/xn--montagebau-wnsch-uzb.de\/montagebau\/wp-content\/uploads\/2018\/03\/CarTeck-Schwingtor-Fischgr\u00e4t-Nebent\u00fcr-2.jpg\" class=\"sow-slider-foreground-image\" alt=\"\" style=\"\" srcset=\"https:\/\/xn--montagebau-wnsch-uzb.de\/montagebau\/wp-content\/uploads\/2018\/03\/CarTeck-Schwingtor-Fischgr\u00e4t-Nebent\u00fcr-2.jpg 5433w, https:\/\/xn--montagebau-wnsch-uzb.de\/montagebau\/wp-content\/uploads\/2018\/03\/CarTeck-Schwingtor-Fischgr\u00e4t-Nebent\u00fcr-2-300x203.jpg 300w, https:\/\/xn--montagebau-wnsch-uzb.de\/montagebau\/wp-content\/uploads\/2018\/03\/CarTeck-Schwingtor-Fischgr\u00e4t-Nebent\u00fcr-2-768x519.jpg 768w, https:\/\/xn--montagebau-wnsch-uzb.de\/montagebau\/wp-content\/uploads\/2018\/03\/CarTeck-Schwingtor-Fischgr\u00e4t-Nebent\u00fcr-2-1024x692.jpg 1024w, https:\/\/xn--montagebau-wnsch-uzb.de\/montagebau\/wp-content\/uploads\/2018\/03\/CarTeck-Schwingtor-Fischgr\u00e4t-Nebent\u00fcr-2-830x561.jpg 830w, https:\/\/xn--montagebau-wnsch-uzb.de\/montagebau\/wp-content\/uploads\/2018\/03\/CarTeck-Schwingtor-Fischgr\u00e4t-Nebent\u00fcr-2-230x155.jpg 230w, https:\/\/xn--montagebau-wnsch-uzb.de\/montagebau\/wp-content\/uploads\/2018\/03\/CarTeck-Schwingtor-Fischgr\u00e4t-Nebent\u00fcr-2-350x236.jpg 350w, https:\/\/xn--montagebau-wnsch-uzb.de\/montagebau\/wp-content\/uploads\/2018\/03\/CarTeck-Schwingtor-Fischgr\u00e4t-Nebent\u00fcr-2-480x324.jpg 480w\" sizes=\"auto, (max-width: 5433px) 100vw, 5433px\" \/>\t\t\t\t\t<\/div>\n\t\t\t\t\t\t\t\t\t<\/div>\n\t\t\t<\/div>\n\t\t\t\t\t<\/li>\n\t\t<\/ul>\t\t\t\t<ol class=\"sow-slider-pagination\">\n\t\t\t\t\t\t\t\t\t\t\t<li><a href=\"#\" data-goto=\"0\" aria-label=\"Display slide 1\"><\/a><\/li>\n\t\t\t\t\t\t\t\t\t\t\t<li><a href=\"#\" data-goto=\"1\" aria-label=\"Display slide 2\"><\/a><\/li>\n\t\t\t\t\t\t\t\t\t\t\t<li><a href=\"#\" data-goto=\"2\" aria-label=\"Display slide 3\"><\/a><\/li>\n\t\t\t\t\t\t\t\t\t\t\t<li><a href=\"#\" data-goto=\"3\" aria-label=\"Display slide 4\"><\/a><\/li>\n\t\t\t\t\t\t\t\t\t\t\t<li><a href=\"#\" data-goto=\"4\" aria-label=\"Display slide 5\"><\/a><\/li>\n\t\t\t\t\t\t\t\t\t<\/ol>\n\n\t\t\t\t<div class=\"sow-slide-nav sow-slide-nav-next\">\n\t\t\t\t\t<a href=\"#\" data-goto=\"next\" aria-label=\"Next slide\" data-action=\"next\">\n\t\t\t\t\t\t<em class=\"sow-sld-icon-thin-right\"><\/em>\n\t\t\t\t\t<\/a>\n\t\t\t\t<\/div>\n\n\t\t\t\t<div class=\"sow-slide-nav sow-slide-nav-prev\">\n\t\t\t\t\t<a href=\"#\" data-goto=\"previous\" aria-label=\"Previous slide\" data-action=\"prev\">\n\t\t\t\t\t\t<em class=\"sow-sld-icon-thin-left\"><\/em>\n\t\t\t\t\t<\/a>\n\t\t\t\t<\/div>\n\t\t\t\t<\/div><\/div><\/div><\/div><\/div><\/div><\/div><div id=\"pg-553-2\"  class=\"panel-grid panel-has-style\" ><div style=\"padding: 100px 0; \" data-overlay=\"true\" data-overlay-color=\"#000000\" class=\"panel-row-style panel-row-style-for-553-2\" ><div id=\"pgc-553-2-0\"  class=\"panel-grid-cell\" ><div id=\"panel-553-2-0-0\" class=\"so-panel widget widget_sow-editor panel-first-child panel-last-child\" data-index=\"5\" ><div style=\"text-align: left;\" data-title-color=\"#443f3f\" data-headings-color=\"#443f3f\" class=\"panel-widget-style panel-widget-style-for-553-2-0-0\" ><div\n\t\t\t\n\t\t\tclass=\"so-widget-sow-editor so-widget-sow-editor-base\"\n\t\t\t\n\t\t><h3 class=\"widget-title\">Unsere Partner<\/h3>\n<div class=\"siteorigin-widget-tinymce textwidget\">\n\t<div class=\"siteorigin-widget-tinymce textwidget\">\n\t<\/div>\n<\/div>\n<\/div><\/div><\/div><\/div><\/div><\/div><div id=\"pg-553-3\"  class=\"panel-grid panel-has-style\" ><div style=\"padding: 100px 0; \" data-overlay=\"true\" data-overlay-color=\"#000000\" class=\"panel-row-style panel-row-style-for-553-3\" ><div id=\"pgc-553-3-0\"  class=\"panel-grid-cell\" ><div id=\"panel-553-3-0-0\" class=\"so-panel widget widget_sow-image panel-first-child panel-last-child\" data-index=\"6\" ><div style=\"text-align: left;\" data-title-color=\"#443f3f\" data-headings-color=\"#443f3f\" class=\"panel-widget-style panel-widget-style-for-553-3-0-0\" ><div\n\t\t\t\n\t\t\tclass=\"so-widget-sow-image so-widget-sow-image-default-8b5b6f678277-553\"\n\t\t\t\n\t\t>\n<div class=\"sow-image-container\">\n\t\t\t<a href=\"https:\/\/www.teckentrup.biz\/\"\n\t\t\ttarget=\"_blank\" rel=\"noopener noreferrer\" \t\t>\n\t\t\t<img \n\tsrc=\"https:\/\/xn--montagebau-wnsch-uzb.de\/montagebau\/wp-content\/uploads\/2020\/01\/Teckentrup_Logo_CMYK_Black.jpg\" width=\"2424\" height=\"601\" srcset=\"https:\/\/xn--montagebau-wnsch-uzb.de\/montagebau\/wp-content\/uploads\/2020\/01\/Teckentrup_Logo_CMYK_Black.jpg 2424w, https:\/\/xn--montagebau-wnsch-uzb.de\/montagebau\/wp-content\/uploads\/2020\/01\/Teckentrup_Logo_CMYK_Black-300x74.jpg 300w, https:\/\/xn--montagebau-wnsch-uzb.de\/montagebau\/wp-content\/uploads\/2020\/01\/Teckentrup_Logo_CMYK_Black-768x190.jpg 768w, https:\/\/xn--montagebau-wnsch-uzb.de\/montagebau\/wp-content\/uploads\/2020\/01\/Teckentrup_Logo_CMYK_Black-1024x254.jpg 1024w, https:\/\/xn--montagebau-wnsch-uzb.de\/montagebau\/wp-content\/uploads\/2020\/01\/Teckentrup_Logo_CMYK_Black-830x206.jpg 830w, https:\/\/xn--montagebau-wnsch-uzb.de\/montagebau\/wp-content\/uploads\/2020\/01\/Teckentrup_Logo_CMYK_Black-230x57.jpg 230w, https:\/\/xn--montagebau-wnsch-uzb.de\/montagebau\/wp-content\/uploads\/2020\/01\/Teckentrup_Logo_CMYK_Black-350x87.jpg 350w, https:\/\/xn--montagebau-wnsch-uzb.de\/montagebau\/wp-content\/uploads\/2020\/01\/Teckentrup_Logo_CMYK_Black-480x119.jpg 480w\" sizes=\"(max-width: 2424px) 100vw, 2424px\" title=\"Teckentrup GmbH &amp; Co. KG\" alt=\"Teckentrup GmbH &amp; Co. KG\" \t\tclass=\"so-widget-image\"\/>\n\t\t\t<\/a><\/div>\n\n<\/div><\/div><\/div><\/div><div id=\"pgc-553-3-1\"  class=\"panel-grid-cell panel-grid-cell-empty\" ><\/div><div id=\"pgc-553-3-2\"  class=\"panel-grid-cell\" ><div id=\"panel-553-3-2-0\" class=\"so-panel widget widget_sow-image panel-first-child panel-last-child\" data-index=\"7\" ><div style=\"text-align: left;\" data-title-color=\"#443f3f\" data-headings-color=\"#443f3f\" class=\"panel-widget-style panel-widget-style-for-553-3-2-0\" ><div\n\t\t\t\n\t\t\tclass=\"so-widget-sow-image so-widget-sow-image-default-8b5b6f678277-553\"\n\t\t\t\n\t\t>\n<div class=\"sow-image-container\">\n\t\t\t<a href=\"https:\/\/www.ruku.info\/\"\n\t\t\t\t\t>\n\t\t\t<img \n\tsrc=\"https:\/\/xn--montagebau-wnsch-uzb.de\/montagebau\/wp-content\/uploads\/2020\/01\/Ruku_logo2.jpg\" width=\"450\" height=\"146\" srcset=\"https:\/\/xn--montagebau-wnsch-uzb.de\/montagebau\/wp-content\/uploads\/2020\/01\/Ruku_logo2.jpg 450w, https:\/\/xn--montagebau-wnsch-uzb.de\/montagebau\/wp-content\/uploads\/2020\/01\/Ruku_logo2-300x97.jpg 300w, https:\/\/xn--montagebau-wnsch-uzb.de\/montagebau\/wp-content\/uploads\/2020\/01\/Ruku_logo2-230x75.jpg 230w, https:\/\/xn--montagebau-wnsch-uzb.de\/montagebau\/wp-content\/uploads\/2020\/01\/Ruku_logo2-350x114.jpg 350w\" sizes=\"(max-width: 450px) 100vw, 450px\" title=\"RUKU Tore - T\u00fcren GmbH\" alt=\"RUKU Tore - T\u00fcren GmbH\" \t\tclass=\"so-widget-image\"\/>\n\t\t\t<\/a><\/div>\n\n<\/div><\/div><\/div><\/div><div id=\"pgc-553-3-3\"  class=\"panel-grid-cell panel-grid-cell-empty\" ><\/div><div id=\"pgc-553-3-4\"  class=\"panel-grid-cell\" ><div id=\"panel-553-3-4-0\" class=\"so-panel widget widget_sow-image panel-first-child panel-last-child\" data-index=\"8\" ><div style=\"text-align: left;\" data-title-color=\"#443f3f\" data-headings-color=\"#443f3f\" class=\"panel-widget-style panel-widget-style-for-553-3-4-0\" ><div\n\t\t\t\n\t\t\tclass=\"so-widget-sow-image so-widget-sow-image-default-8b5b6f678277-553\"\n\t\t\t\n\t\t>\n<div class=\"sow-image-container\">\n\t\t\t<a href=\"https:\/\/www.alukon.com\/\"\n\t\t\t\t\t>\n\t\t\t<img \n\tsrc=\"https:\/\/xn--montagebau-wnsch-uzb.de\/montagebau\/wp-content\/uploads\/2020\/02\/alukon_logo.png\" width=\"429\" height=\"117\" srcset=\"https:\/\/xn--montagebau-wnsch-uzb.de\/montagebau\/wp-content\/uploads\/2020\/02\/alukon_logo.png 429w, https:\/\/xn--montagebau-wnsch-uzb.de\/montagebau\/wp-content\/uploads\/2020\/02\/alukon_logo-300x82.png 300w, https:\/\/xn--montagebau-wnsch-uzb.de\/montagebau\/wp-content\/uploads\/2020\/02\/alukon_logo-230x63.png 230w, https:\/\/xn--montagebau-wnsch-uzb.de\/montagebau\/wp-content\/uploads\/2020\/02\/alukon_logo-350x95.png 350w\" sizes=\"(max-width: 429px) 100vw, 429px\" title=\"ALUKON KG\" alt=\"ALUKON KG\" \t\tclass=\"so-widget-image\"\/>\n\t\t\t<\/a><\/div>\n\n<\/div><\/div><\/div><\/div><\/div><\/div><div id=\"pg-553-4\"  class=\"panel-grid panel-has-style\" ><div style=\"padding: 100px 0; \" data-overlay=\"true\" data-overlay-color=\"#000000\" class=\"panel-row-style panel-row-style-for-553-4\" ><div id=\"pgc-553-4-0\"  class=\"panel-grid-cell\" ><div id=\"panel-553-4-0-0\" class=\"so-panel widget widget_sow-editor panel-first-child\" data-index=\"9\" ><div style=\"text-align: left;\" data-title-color=\"#443f3f\" data-headings-color=\"#443f3f\" class=\"panel-widget-style panel-widget-style-for-553-4-0-0\" ><div\n\t\t\t\n\t\t\tclass=\"so-widget-sow-editor so-widget-sow-editor-base\"\n\t\t\t\n\t\t>\n<div class=\"siteorigin-widget-tinymce textwidget\">\n\t<div>\n<h4 style=\"text-align: center;\">Individuelle Optik<\/h4>\n<\/div>\n<div style=\"text-align: justify;\">\n<div>Mit einer umfangreichen Auswahl an aktuellen Trendfarben, Holzdekoren oder Metallicfarben helfen wir Ihnen dabei Ihr Garagentor optisch auf Ihre Garage, oder Ihr Haus abzustimmen.<\/div>\n<\/div>\n<\/div>\n<\/div><\/div><\/div><div id=\"panel-553-4-0-1\" class=\"so-panel widget widget_sow-editor\" data-index=\"10\" ><div style=\"text-align: left;\" data-title-color=\"#443f3f\" data-headings-color=\"#443f3f\" class=\"panel-widget-style panel-widget-style-for-553-4-0-1\" ><div\n\t\t\t\n\t\t\tclass=\"so-widget-sow-editor so-widget-sow-editor-base\"\n\t\t\t\n\t\t>\n<div class=\"siteorigin-widget-tinymce textwidget\">\n\t<div>\n<h4 style=\"text-align: center;\">Wir legen Wert auf Sicherheit<\/h4>\n<\/div>\n<div style=\"text-align: justify;\">\n<div>Die eingebauten Tore entsprechen sowohl in der Herstellung als auch im Einbau h\u00f6chsten Sicherheitsstandards. Gerne entwickeln wir hierbei gemeinsam mit Ihnen ein umfassendes Sicherheitskonzept f\u00fcr Mensch und Tier - ob gro\u00df oder klein.<\/div>\n<\/div>\n<\/div>\n<\/div><\/div><\/div><div id=\"panel-553-4-0-2\" class=\"so-panel widget widget_sow-editor\" data-index=\"11\" ><div style=\"text-align: left;\" data-title-color=\"#443f3f\" data-headings-color=\"#443f3f\" class=\"panel-widget-style panel-widget-style-for-553-4-0-2\" ><div\n\t\t\t\n\t\t\tclass=\"so-widget-sow-editor so-widget-sow-editor-base\"\n\t\t\t\n\t\t>\n<div class=\"siteorigin-widget-tinymce textwidget\">\n\t<div>\n<h4 style=\"text-align: center;\">W\u00fcnsch dir Smart Home<\/h4>\n<\/div>\n<div style=\"text-align: justify;\">\n<div>Unsere Smart Home L\u00f6sungen umfassen die M\u00f6glichkeiten zur praktischen Video\u00fcberwachung, durchdachten Stimmungsbeleuchtung, intelligenten Schlie\u00dfstatusabfrage, sowie automatischem \u00d6ffnen und Schlie\u00dfen des Garagentores per Smartphone und smarten Feuchtigkeitssensoren zur automatischen Bel\u00fcftung des Garagentores \u00fcber den Bel\u00fcftungsmechanismus.<\/div>\n<\/div>\n<\/div>\n<\/div><\/div><\/div><div id=\"panel-553-4-0-3\" class=\"so-panel widget widget_sow-editor panel-last-child\" data-index=\"12\" ><div style=\"text-align: left;\" data-title-color=\"#443f3f\" data-headings-color=\"#443f3f\" class=\"panel-widget-style panel-widget-style-for-553-4-0-3\" ><div\n\t\t\t\n\t\t\tclass=\"so-widget-sow-editor so-widget-sow-editor-base\"\n\t\t\t\n\t\t>\n<div class=\"siteorigin-widget-tinymce textwidget\">\n\t<div>\n<h4 style=\"text-align: center;\">Unser Service<\/h4>\n<\/div>\n<div style=\"text-align: justify;\">\n<div>Passgenauer Service hei\u00dft f\u00fcr uns Beratung, kleine und gro\u00dfe Serviceangebote, Planung, Ausbau, Montage und Entsorgung. Alles aus einer Hand, denn Service ist bei uns Chefsache!<\/div>\n<\/div>\n<\/div>\n<\/div><\/div><\/div><\/div><div id=\"pgc-553-4-1\"  class=\"panel-grid-cell\" ><div id=\"panel-553-4-1-0\" class=\"so-panel widget widget_sow-image-grid panel-first-child panel-last-child\" data-index=\"13\" ><div style=\"text-align: left;\" data-title-color=\"#443f3f\" data-headings-color=\"#443f3f\" class=\"panel-widget-style panel-widget-style-for-553-4-1-0\" ><div\n\t\t\t\n\t\t\tclass=\"so-widget-sow-image-grid so-widget-sow-image-grid-default-3fbf13dff59f-553\"\n\t\t\t\n\t\t>\t<div\n\t\tclass=\"sow-image-grid-wrapper\"\n\t\t\t\t\t>\n\t\t\t\t\t<div class=\"sow-image-grid-image\">\n\t\t\t\t\t\t\t\t\t\t\t\t<img loading=\"lazy\" decoding=\"async\" width=\"480\" height=\"273\" src=\"https:\/\/xn--montagebau-wnsch-uzb.de\/montagebau\/wp-content\/uploads\/2020\/01\/IMAG0744-480x273.jpg\" class=\"sow-image-grid-image_html\" alt=\"\" title=\"\" srcset=\"https:\/\/xn--montagebau-wnsch-uzb.de\/montagebau\/wp-content\/uploads\/2020\/01\/IMAG0744-480x273.jpg 480w, https:\/\/xn--montagebau-wnsch-uzb.de\/montagebau\/wp-content\/uploads\/2020\/01\/IMAG0744-300x171.jpg 300w, https:\/\/xn--montagebau-wnsch-uzb.de\/montagebau\/wp-content\/uploads\/2020\/01\/IMAG0744-768x437.jpg 768w, https:\/\/xn--montagebau-wnsch-uzb.de\/montagebau\/wp-content\/uploads\/2020\/01\/IMAG0744-1024x583.jpg 1024w, https:\/\/xn--montagebau-wnsch-uzb.de\/montagebau\/wp-content\/uploads\/2020\/01\/IMAG0744-830x472.jpg 830w, https:\/\/xn--montagebau-wnsch-uzb.de\/montagebau\/wp-content\/uploads\/2020\/01\/IMAG0744-230x131.jpg 230w, https:\/\/xn--montagebau-wnsch-uzb.de\/montagebau\/wp-content\/uploads\/2020\/01\/IMAG0744-350x199.jpg 350w\" sizes=\"auto, (max-width: 480px) 100vw, 480px\" \/>\t\t\t\t\t\t\t\t\t\t\t<\/div>\n\t\t\t\t\t<div class=\"sow-image-grid-image\">\n\t\t\t\t\t\t\t\t\t\t\t\t<img loading=\"lazy\" decoding=\"async\" width=\"480\" height=\"360\" src=\"https:\/\/xn--montagebau-wnsch-uzb.de\/montagebau\/wp-content\/uploads\/2020\/01\/IMG-20170913-WA0049-480x360.jpg\" class=\"sow-image-grid-image_html\" alt=\"\" title=\"\" srcset=\"https:\/\/xn--montagebau-wnsch-uzb.de\/montagebau\/wp-content\/uploads\/2020\/01\/IMG-20170913-WA0049-480x360.jpg 480w, https:\/\/xn--montagebau-wnsch-uzb.de\/montagebau\/wp-content\/uploads\/2020\/01\/IMG-20170913-WA0049-300x225.jpg 300w, https:\/\/xn--montagebau-wnsch-uzb.de\/montagebau\/wp-content\/uploads\/2020\/01\/IMG-20170913-WA0049-768x576.jpg 768w, https:\/\/xn--montagebau-wnsch-uzb.de\/montagebau\/wp-content\/uploads\/2020\/01\/IMG-20170913-WA0049-1024x768.jpg 1024w, https:\/\/xn--montagebau-wnsch-uzb.de\/montagebau\/wp-content\/uploads\/2020\/01\/IMG-20170913-WA0049-830x623.jpg 830w, https:\/\/xn--montagebau-wnsch-uzb.de\/montagebau\/wp-content\/uploads\/2020\/01\/IMG-20170913-WA0049-230x173.jpg 230w, https:\/\/xn--montagebau-wnsch-uzb.de\/montagebau\/wp-content\/uploads\/2020\/01\/IMG-20170913-WA0049-350x263.jpg 350w, https:\/\/xn--montagebau-wnsch-uzb.de\/montagebau\/wp-content\/uploads\/2020\/01\/IMG-20170913-WA0049.jpg 1280w\" sizes=\"auto, (max-width: 480px) 100vw, 480px\" \/>\t\t\t\t\t\t\t\t\t\t\t<\/div>\n\t\t\t\t\t<div class=\"sow-image-grid-image\">\n\t\t\t\t\t\t\t\t\t\t\t\t<img loading=\"lazy\" decoding=\"async\" width=\"480\" height=\"360\" src=\"https:\/\/xn--montagebau-wnsch-uzb.de\/montagebau\/wp-content\/uploads\/2020\/01\/DSC04542-480x360.jpg\" class=\"sow-image-grid-image_html\" alt=\"\" title=\"\" srcset=\"https:\/\/xn--montagebau-wnsch-uzb.de\/montagebau\/wp-content\/uploads\/2020\/01\/DSC04542-480x360.jpg 480w, https:\/\/xn--montagebau-wnsch-uzb.de\/montagebau\/wp-content\/uploads\/2020\/01\/DSC04542-300x225.jpg 300w, https:\/\/xn--montagebau-wnsch-uzb.de\/montagebau\/wp-content\/uploads\/2020\/01\/DSC04542-768x576.jpg 768w, https:\/\/xn--montagebau-wnsch-uzb.de\/montagebau\/wp-content\/uploads\/2020\/01\/DSC04542-1024x768.jpg 1024w, https:\/\/xn--montagebau-wnsch-uzb.de\/montagebau\/wp-content\/uploads\/2020\/01\/DSC04542-830x623.jpg 830w, https:\/\/xn--montagebau-wnsch-uzb.de\/montagebau\/wp-content\/uploads\/2020\/01\/DSC04542-230x173.jpg 230w, https:\/\/xn--montagebau-wnsch-uzb.de\/montagebau\/wp-content\/uploads\/2020\/01\/DSC04542-350x263.jpg 350w\" sizes=\"auto, (max-width: 480px) 100vw, 480px\" \/>\t\t\t\t\t\t\t\t\t\t\t<\/div>\n\t\t\t\t\t<div class=\"sow-image-grid-image\">\n\t\t\t\t\t\t\t\t\t\t\t\t<img loading=\"lazy\" decoding=\"async\" width=\"480\" height=\"273\" src=\"https:\/\/xn--montagebau-wnsch-uzb.de\/montagebau\/wp-content\/uploads\/2020\/01\/IMAG1112-480x273.jpg\" class=\"sow-image-grid-image_html\" alt=\"\" title=\"\" srcset=\"https:\/\/xn--montagebau-wnsch-uzb.de\/montagebau\/wp-content\/uploads\/2020\/01\/IMAG1112-480x273.jpg 480w, https:\/\/xn--montagebau-wnsch-uzb.de\/montagebau\/wp-content\/uploads\/2020\/01\/IMAG1112-300x171.jpg 300w, https:\/\/xn--montagebau-wnsch-uzb.de\/montagebau\/wp-content\/uploads\/2020\/01\/IMAG1112-768x437.jpg 768w, https:\/\/xn--montagebau-wnsch-uzb.de\/montagebau\/wp-content\/uploads\/2020\/01\/IMAG1112-1024x583.jpg 1024w, https:\/\/xn--montagebau-wnsch-uzb.de\/montagebau\/wp-content\/uploads\/2020\/01\/IMAG1112-830x472.jpg 830w, https:\/\/xn--montagebau-wnsch-uzb.de\/montagebau\/wp-content\/uploads\/2020\/01\/IMAG1112-230x131.jpg 230w, https:\/\/xn--montagebau-wnsch-uzb.de\/montagebau\/wp-content\/uploads\/2020\/01\/IMAG1112-350x199.jpg 350w\" sizes=\"auto, (max-width: 480px) 100vw, 480px\" \/>\t\t\t\t\t\t\t\t\t\t\t<\/div>\n\t\t\t<\/div>\n<\/div><\/div><\/div><\/div><\/div><\/div><\/div>","protected":false},"excerpt":{"rendered":"<p>Sie stehen im Mittelpunkt Die richtige Entscheidung bei der Wahl des Garagentores kann schnell \u00fcberfordern. Ob Sektionaltor, Schwingtor oder Rolltor, gerne beraten [&hellip;]<\/p>\n","protected":false},"author":4,"featured_media":0,"parent":0,"menu_order":0,"comment_status":"closed","ping_status":"closed","template":"page-templates\/page_fullwidth.php","meta":{"_exactmetrics_skip_tracking":false,"_exactmetrics_sitenote_active":false,"_exactmetrics_sitenote_note":"","_exactmetrics_sitenote_category":0,"footnotes":""},"class_list":["post-553","page","type-page","status-publish","hentry"],"_links":{"self":[{"href":"https:\/\/xn--montagebau-wnsch-uzb.de\/montagebau\/wp-json\/wp\/v2\/pages\/553","targetHints":{"allow":["GET"]}}],"collection":[{"href":"https:\/\/xn--montagebau-wnsch-uzb.de\/montagebau\/wp-json\/wp\/v2\/pages"}],"about":[{"href":"https:\/\/xn--montagebau-wnsch-uzb.de\/montagebau\/wp-json\/wp\/v2\/types\/page"}],"author":[{"embeddable":true,"href":"https:\/\/xn--montagebau-wnsch-uzb.de\/montagebau\/wp-json\/wp\/v2\/users\/4"}],"replies":[{"embeddable":true,"href":"https:\/\/xn--montagebau-wnsch-uzb.de\/montagebau\/wp-json\/wp\/v2\/comments?post=553"}],"version-history":[{"count":89,"href":"https:\/\/xn--montagebau-wnsch-uzb.de\/montagebau\/wp-json\/wp\/v2\/pages\/553\/revisions"}],"predecessor-version":[{"id":563,"href":"https:\/\/xn--montagebau-wnsch-uzb.de\/montagebau\/wp-json\/wp\/v2\/pages\/553\/revisions\/563"}],"wp:attachment":[{"href":"https:\/\/xn--montagebau-wnsch-uzb.de\/montagebau\/wp-json\/wp\/v2\/media?parent=553"}],"curies":[{"name":"wp","href":"https:\/\/api.w.org\/{rel}","templated":true}]}}